{"id":314808,"date":"2024-06-10T10:55:39","date_gmt":"2024-06-10T08:55:39","guid":{"rendered":"https:\/\/en3s.fr\/formation-professionnelle\/?page_id=314808"},"modified":"2025-05-13T18:07:08","modified_gmt":"2025-05-13T16:07:08","slug":"seminaire-de-lassociation-des-directeurs-des-caisses-dassurance-maladie-adcam","status":"publish","type":"page","link":"https:\/\/en3s.fr\/formation-professionnelle\/formations-professionnelles\/formations-de-branches-et-reseaux\/seminaire-de-lassociation-des-directeurs-des-caisses-dassurance-maladie-adcam\/","title":{"rendered":"S\u00e9minaire de l\u2019Association des Directeurs des Caisses d\u2019assurance-maladie (ADCAM)"},"content":{"rendered":"<p><img loading=\"lazy\" decoding=\"async\" class=\"wp-image-314809 alignright\" src=\"https:\/\/en3s.fr\/formation-professionnelle\/wp-content\/uploads\/sites\/3\/2024\/06\/logo-adcam.jpg\" alt=\"\" width=\"97\" height=\"97\"><\/p>\n<p>Cette ann\u00e9e encore, L\u2019ADCAM et l\u2019EN3S s\u2019associent pour vous proposer un s\u00e9minaire riche de sens, en lien avec votre actualit\u00e9 et toujours au c\u0153ur de la fabrique des cadres dirigeant de la s\u00e9curit\u00e9 sociale \u00e0 Saint-Etienne.<\/p>\n<p>Au programme des 6 et 7 novembre 2025, comment favoriser la coop\u00e9ration entre directions de caisses et d\u00e9velopper les strat\u00e9gies d\u2019influence au sein de vos territoires.<\/p>\n<p>Les conf\u00e9rences, ateliers et la table-ronde sont anim\u00e9es par nos consultants experts, Julien Ohana et Charlotte Ringrave, auteurs de \u00ab&nbsp;7 super-pouvoirs pour d\u00e9velopper la coop\u00e9ration&nbsp;\u00bb et d\u2019Elsa Foucraut, auteure d\u2019un \u00ab&nbsp;Guide du plaidoyer : b\u00e2tir sa strat\u00e9gie d&rsquo;influence&nbsp;\u00bb. Tous sont \u00e9galement fortement impliqu\u00e9s et connaisseurs des enjeux de la protection sociale et de la branche maladie.<\/p>\n<p>Catherine Pelletier, Pr\u00e9sidente de l\u2019ADCAM et l\u2019EN3S vous convient donc \u00e0 1,5&nbsp; jours d\u2019\u00e9changes, de d\u00e9bats, de formation et de convivialit\u00e9.<\/p>\n<p><em>Nota bene&nbsp;: ce s\u00e9minaire s\u2019inscrit dans le dispositif d\u2019incitation \u00e0 la formation continue pris en compte par le &nbsp;Comit\u00e9 de carri\u00e8res. Une attestation de formation sp\u00e9cifique sera remise \u00e0 l\u2019issue du s\u00e9minaire.<\/em><\/p>\n","protected":false},"excerpt":{"rendered":"<p>Cette ann\u00e9e encore, L\u2019ADCAM et l\u2019EN3S s\u2019associent pour vous proposer un s\u00e9minaire riche de sens, en lien avec votre actualit\u00e9 et toujours au c\u0153ur de la fabrique des cadres dirigeant de la s\u00e9curit\u00e9 sociale \u00e0 Saint-Etienne. Au programme des 6 et 7 novembre 2025, comment favoriser la coop\u00e9ration entre directions de caisses et d\u00e9velopper les [&hellip;]<\/p>\n","protected":false},"author":4,"featured_media":0,"parent":1223,"menu_order":0,"comment_status":"closed","ping_status":"closed","template":"partials\/template-formation.php","meta":{"ngg_post_thumbnail":0,"footnotes":""},"class_list":["post-314808","page","type-page","status-publish","hentry"],"yoast_head":"<!-- This site is optimized with the Yoast SEO plugin v24.9 - https:\/\/yoast.com\/wordpress\/plugins\/seo\/ -->\n<title>S\u00e9minaire de l\u2019Association des Directeurs des Caisses d\u2019assurance-maladie (ADCAM) - Formations professionnelles de l&#039;EN3S<\/title>\n<meta name=\"description\" content=\"Cette ann\u00e9e encore, L\u2019ADCAM et l\u2019EN3S s\u2019associent pour vous proposer un s\u00e9minaire riche de sens, en lien avec votre actualit\u00e9 et toujours au c\u0153ur de la\" \/>\n<meta name=\"robots\" content=\"index, follow, max-snippet:-1, max-image-preview:large, max-video-preview:-1\" \/>\n<link rel=\"canonical\" href=\"https:\/\/en3s.fr\/formation-professionnelle\/formations-professionnelles\/formations-de-branches-et-reseaux\/seminaire-de-lassociation-des-directeurs-des-caisses-dassurance-maladie-adcam\/\" \/>\n<meta property=\"og:locale\" content=\"fr_FR\" \/>\n<meta property=\"og:type\" content=\"article\" \/>\n<meta property=\"og:title\" content=\"S\u00e9minaire de l\u2019Association des Directeurs des Caisses d\u2019assurance-maladie (ADCAM) - Formations professionnelles de l&#039;EN3S\" \/>\n<meta property=\"og:description\" content=\"Cette ann\u00e9e encore, L\u2019ADCAM et l\u2019EN3S s\u2019associent pour vous proposer un s\u00e9minaire riche de sens, en lien avec votre actualit\u00e9 et toujours au c\u0153ur de la\" \/>\n<meta property=\"og:url\" content=\"https:\/\/en3s.fr\/formation-professionnelle\/formations-professionnelles\/formations-de-branches-et-reseaux\/seminaire-de-lassociation-des-directeurs-des-caisses-dassurance-maladie-adcam\/\" \/>\n<meta property=\"og:site_name\" content=\"Formations professionnelles de l&#039;EN3S\" \/>\n<meta property=\"article:modified_time\" content=\"2025-05-13T16:07:08+00:00\" \/>\n<meta property=\"og:image\" content=\"https:\/\/en3s.fr\/formation-professionnelle\/wp-content\/uploads\/sites\/3\/2024\/06\/logo-adcam.jpg\" \/>\n\t<meta property=\"og:image:width\" content=\"187\" \/>\n\t<meta property=\"og:image:height\" content=\"187\" \/>\n\t<meta property=\"og:image:type\" content=\"image\/jpeg\" \/>\n<meta name=\"twitter:card\" content=\"summary_large_image\" \/>\n<meta name=\"twitter:label1\" content=\"Dur\u00e9e de lecture estim\u00e9e\" \/>\n\t<meta name=\"twitter:data1\" content=\"2 minutes\" \/>\n<script type=\"application\/ld+json\" class=\"yoast-schema-graph\">{\"@context\":\"https:\/\/schema.org\",\"@graph\":[{\"@type\":\"WebPage\",\"@id\":\"https:\/\/en3s.fr\/formation-professionnelle\/formations-professionnelles\/formations-de-branches-et-reseaux\/seminaire-de-lassociation-des-directeurs-des-caisses-dassurance-maladie-adcam\/\",\"url\":\"https:\/\/en3s.fr\/formation-professionnelle\/formations-professionnelles\/formations-de-branches-et-reseaux\/seminaire-de-lassociation-des-directeurs-des-caisses-dassurance-maladie-adcam\/\",\"name\":\"S\u00e9minaire de l\u2019Association des Directeurs des Caisses d\u2019assurance-maladie (ADCAM) - Formations professionnelles de l&#039;EN3S\",\"isPartOf\":{\"@id\":\"https:\/\/en3s.fr\/formation-professionnelle\/#website\"},\"primaryImageOfPage\":{\"@id\":\"https:\/\/en3s.fr\/formation-professionnelle\/formations-professionnelles\/formations-de-branches-et-reseaux\/seminaire-de-lassociation-des-directeurs-des-caisses-dassurance-maladie-adcam\/#primaryimage\"},\"image\":{\"@id\":\"https:\/\/en3s.fr\/formation-professionnelle\/formations-professionnelles\/formations-de-branches-et-reseaux\/seminaire-de-lassociation-des-directeurs-des-caisses-dassurance-maladie-adcam\/#primaryimage\"},\"thumbnailUrl\":\"https:\/\/en3s.fr\/formation-professionnelle\/wp-content\/uploads\/sites\/3\/2024\/06\/logo-adcam.jpg\",\"datePublished\":\"2024-06-10T08:55:39+00:00\",\"dateModified\":\"2025-05-13T16:07:08+00:00\",\"description\":\"Cette ann\u00e9e encore, L\u2019ADCAM et l\u2019EN3S s\u2019associent pour vous proposer un s\u00e9minaire riche de sens, en lien avec votre actualit\u00e9 et toujours au c\u0153ur de la\",\"breadcrumb\":{\"@id\":\"https:\/\/en3s.fr\/formation-professionnelle\/formations-professionnelles\/formations-de-branches-et-reseaux\/seminaire-de-lassociation-des-directeurs-des-caisses-dassurance-maladie-adcam\/#breadcrumb\"},\"inLanguage\":\"fr-FR\",\"potentialAction\":[{\"@type\":\"ReadAction\",\"target\":[\"https:\/\/en3s.fr\/formation-professionnelle\/formations-professionnelles\/formations-de-branches-et-reseaux\/seminaire-de-lassociation-des-directeurs-des-caisses-dassurance-maladie-adcam\/\"]}]},{\"@type\":\"ImageObject\",\"inLanguage\":\"fr-FR\",\"@id\":\"https:\/\/en3s.fr\/formation-professionnelle\/formations-professionnelles\/formations-de-branches-et-reseaux\/seminaire-de-lassociation-des-directeurs-des-caisses-dassurance-maladie-adcam\/#primaryimage\",\"url\":\"https:\/\/en3s.fr\/formation-professionnelle\/wp-content\/uploads\/sites\/3\/2024\/06\/logo-adcam.jpg\",\"contentUrl\":\"https:\/\/en3s.fr\/formation-professionnelle\/wp-content\/uploads\/sites\/3\/2024\/06\/logo-adcam.jpg\",\"width\":187,\"height\":187},{\"@type\":\"BreadcrumbList\",\"@id\":\"https:\/\/en3s.fr\/formation-professionnelle\/formations-professionnelles\/formations-de-branches-et-reseaux\/seminaire-de-lassociation-des-directeurs-des-caisses-dassurance-maladie-adcam\/#breadcrumb\",\"itemListElement\":[{\"@type\":\"ListItem\",\"position\":1,\"name\":\"Accueil\",\"item\":\"https:\/\/en3s.fr\/formation-professionnelle\/\"},{\"@type\":\"ListItem\",\"position\":2,\"name\":\"Formations professionnelles\",\"item\":\"https:\/\/en3s.fr\/formation-professionnelle\/formations-professionnelles\/\"},{\"@type\":\"ListItem\",\"position\":3,\"name\":\"Formations de branches et r\u00e9seaux\",\"item\":\"https:\/\/en3s.fr\/formation-professionnelle\/formations-professionnelles\/formations-de-branches-et-reseaux\/\"},{\"@type\":\"ListItem\",\"position\":4,\"name\":\"S\u00e9minaire de l\u2019Association des Directeurs des Caisses d\u2019assurance-maladie (ADCAM)\"}]},{\"@type\":\"WebSite\",\"@id\":\"https:\/\/en3s.fr\/formation-professionnelle\/#website\",\"url\":\"https:\/\/en3s.fr\/formation-professionnelle\/\",\"name\":\"Formations professionnelles de l&#039;EN3S\",\"description\":\"Site des formations professionnelles de l&#039;EN3S\",\"potentialAction\":[{\"@type\":\"SearchAction\",\"target\":{\"@type\":\"EntryPoint\",\"urlTemplate\":\"https:\/\/en3s.fr\/formation-professionnelle\/?s={search_term_string}\"},\"query-input\":{\"@type\":\"PropertyValueSpecification\",\"valueRequired\":true,\"valueName\":\"search_term_string\"}}],\"inLanguage\":\"fr-FR\"}]}<\/script>\n<!-- \/ Yoast SEO plugin. -->","yoast_head_json":{"title":"S\u00e9minaire de l\u2019Association des Directeurs des Caisses d\u2019assurance-maladie (ADCAM) - Formations professionnelles de l&#039;EN3S","description":"Cette ann\u00e9e encore, L\u2019ADCAM et l\u2019EN3S s\u2019associent pour vous proposer un s\u00e9minaire riche de sens, en lien avec votre actualit\u00e9 et toujours au c\u0153ur de la","robots":{"index":"index","follow":"follow","max-snippet":"max-snippet:-1","max-image-preview":"max-image-preview:large","max-video-preview":"max-video-preview:-1"},"canonical":"https:\/\/en3s.fr\/formation-professionnelle\/formations-professionnelles\/formations-de-branches-et-reseaux\/seminaire-de-lassociation-des-directeurs-des-caisses-dassurance-maladie-adcam\/","og_locale":"fr_FR","og_type":"article","og_title":"S\u00e9minaire de l\u2019Association des Directeurs des Caisses d\u2019assurance-maladie (ADCAM) - Formations professionnelles de l&#039;EN3S","og_description":"Cette ann\u00e9e encore, L\u2019ADCAM et l\u2019EN3S s\u2019associent pour vous proposer un s\u00e9minaire riche de sens, en lien avec votre actualit\u00e9 et toujours au c\u0153ur de la","og_url":"https:\/\/en3s.fr\/formation-professionnelle\/formations-professionnelles\/formations-de-branches-et-reseaux\/seminaire-de-lassociation-des-directeurs-des-caisses-dassurance-maladie-adcam\/","og_site_name":"Formations professionnelles de l&#039;EN3S","article_modified_time":"2025-05-13T16:07:08+00:00","og_image":[{"width":187,"height":187,"url":"https:\/\/en3s.fr\/formation-professionnelle\/wp-content\/uploads\/sites\/3\/2024\/06\/logo-adcam.jpg","type":"image\/jpeg"}],"twitter_card":"summary_large_image","twitter_misc":{"Dur\u00e9e de lecture estim\u00e9e":"2 minutes"},"schema":{"@context":"https:\/\/schema.org","@graph":[{"@type":"WebPage","@id":"https:\/\/en3s.fr\/formation-professionnelle\/formations-professionnelles\/formations-de-branches-et-reseaux\/seminaire-de-lassociation-des-directeurs-des-caisses-dassurance-maladie-adcam\/","url":"https:\/\/en3s.fr\/formation-professionnelle\/formations-professionnelles\/formations-de-branches-et-reseaux\/seminaire-de-lassociation-des-directeurs-des-caisses-dassurance-maladie-adcam\/","name":"S\u00e9minaire de l\u2019Association des Directeurs des Caisses d\u2019assurance-maladie (ADCAM) - Formations professionnelles de l&#039;EN3S","isPartOf":{"@id":"https:\/\/en3s.fr\/formation-professionnelle\/#website"},"primaryImageOfPage":{"@id":"https:\/\/en3s.fr\/formation-professionnelle\/formations-professionnelles\/formations-de-branches-et-reseaux\/seminaire-de-lassociation-des-directeurs-des-caisses-dassurance-maladie-adcam\/#primaryimage"},"image":{"@id":"https:\/\/en3s.fr\/formation-professionnelle\/formations-professionnelles\/formations-de-branches-et-reseaux\/seminaire-de-lassociation-des-directeurs-des-caisses-dassurance-maladie-adcam\/#primaryimage"},"thumbnailUrl":"https:\/\/en3s.fr\/formation-professionnelle\/wp-content\/uploads\/sites\/3\/2024\/06\/logo-adcam.jpg","datePublished":"2024-06-10T08:55:39+00:00","dateModified":"2025-05-13T16:07:08+00:00","description":"Cette ann\u00e9e encore, L\u2019ADCAM et l\u2019EN3S s\u2019associent pour vous proposer un s\u00e9minaire riche de sens, en lien avec votre actualit\u00e9 et toujours au c\u0153ur de la","breadcrumb":{"@id":"https:\/\/en3s.fr\/formation-professionnelle\/formations-professionnelles\/formations-de-branches-et-reseaux\/seminaire-de-lassociation-des-directeurs-des-caisses-dassurance-maladie-adcam\/#breadcrumb"},"inLanguage":"fr-FR","potentialAction":[{"@type":"ReadAction","target":["https:\/\/en3s.fr\/formation-professionnelle\/formations-professionnelles\/formations-de-branches-et-reseaux\/seminaire-de-lassociation-des-directeurs-des-caisses-dassurance-maladie-adcam\/"]}]},{"@type":"ImageObject","inLanguage":"fr-FR","@id":"https:\/\/en3s.fr\/formation-professionnelle\/formations-professionnelles\/formations-de-branches-et-reseaux\/seminaire-de-lassociation-des-directeurs-des-caisses-dassurance-maladie-adcam\/#primaryimage","url":"https:\/\/en3s.fr\/formation-professionnelle\/wp-content\/uploads\/sites\/3\/2024\/06\/logo-adcam.jpg","contentUrl":"https:\/\/en3s.fr\/formation-professionnelle\/wp-content\/uploads\/sites\/3\/2024\/06\/logo-adcam.jpg","width":187,"height":187},{"@type":"BreadcrumbList","@id":"https:\/\/en3s.fr\/formation-professionnelle\/formations-professionnelles\/formations-de-branches-et-reseaux\/seminaire-de-lassociation-des-directeurs-des-caisses-dassurance-maladie-adcam\/#breadcrumb","itemListElement":[{"@type":"ListItem","position":1,"name":"Accueil","item":"https:\/\/en3s.fr\/formation-professionnelle\/"},{"@type":"ListItem","position":2,"name":"Formations professionnelles","item":"https:\/\/en3s.fr\/formation-professionnelle\/formations-professionnelles\/"},{"@type":"ListItem","position":3,"name":"Formations de branches et r\u00e9seaux","item":"https:\/\/en3s.fr\/formation-professionnelle\/formations-professionnelles\/formations-de-branches-et-reseaux\/"},{"@type":"ListItem","position":4,"name":"S\u00e9minaire de l\u2019Association des Directeurs des Caisses d\u2019assurance-maladie (ADCAM)"}]},{"@type":"WebSite","@id":"https:\/\/en3s.fr\/formation-professionnelle\/#website","url":"https:\/\/en3s.fr\/formation-professionnelle\/","name":"Formations professionnelles de l&#039;EN3S","description":"Site des formations professionnelles de l&#039;EN3S","potentialAction":[{"@type":"SearchAction","target":{"@type":"EntryPoint","urlTemplate":"https:\/\/en3s.fr\/formation-professionnelle\/?s={search_term_string}"},"query-input":{"@type":"PropertyValueSpecification","valueRequired":true,"valueName":"search_term_string"}}],"inLanguage":"fr-FR"}]}},"_links":{"self":[{"href":"https:\/\/en3s.fr\/formation-professionnelle\/wp-json\/wp\/v2\/pages\/314808","targetHints":{"allow":["GET"]}}],"collection":[{"href":"https:\/\/en3s.fr\/formation-professionnelle\/wp-json\/wp\/v2\/pages"}],"about":[{"href":"https:\/\/en3s.fr\/formation-professionnelle\/wp-json\/wp\/v2\/types\/page"}],"author":[{"embeddable":true,"href":"https:\/\/en3s.fr\/formation-professionnelle\/wp-json\/wp\/v2\/users\/4"}],"replies":[{"embeddable":true,"href":"https:\/\/en3s.fr\/formation-professionnelle\/wp-json\/wp\/v2\/comments?post=314808"}],"version-history":[{"count":0,"href":"https:\/\/en3s.fr\/formation-professionnelle\/wp-json\/wp\/v2\/pages\/314808\/revisions"}],"up":[{"embeddable":true,"href":"https:\/\/en3s.fr\/formation-professionnelle\/wp-json\/wp\/v2\/pages\/1223"}],"wp:attachment":[{"href":"https:\/\/en3s.fr\/formation-professionnelle\/wp-json\/wp\/v2\/media?parent=314808"}],"curies":[{"name":"wp","href":"https:\/\/api.w.org\/{rel}","templated":true}]}}