{"id":4625,"date":"2024-03-07T16:39:40","date_gmt":"2024-03-07T15:39:40","guid":{"rendered":"https:\/\/en3s.fr\/secudoc\/?page_id=4625"},"modified":"2024-03-07T16:39:40","modified_gmt":"2024-03-07T15:39:40","slug":"faut-il-un-nouvel-outil-transverse-du-regime-general-pour-renforcer-le-service-public-de-la-securite-sociale","status":"publish","type":"page","link":"https:\/\/en3s.fr\/secudoc\/produits-documentaires\/publications-en3s\/faut-il-un-nouvel-outil-transverse-du-regime-general-pour-renforcer-le-service-public-de-la-securite-sociale\/","title":{"rendered":"Faut-il un nouvel outil transverse du r\u00e9gime g\u00e9n\u00e9ral pour renforcer le service public de la S\u00e9curit\u00e9 sociale ?"},"content":{"rendered":"<blockquote><p><strong>Les Conventions d\u2019Objectifs et de Gestion (COG) comportent un noyau dur d\u2019une vingtaine d\u2019indicateurs transverses n\u00e9goci\u00e9s avec la direction de la S\u00e9curit\u00e9 Sociale (DSS) venant en soutien d\u2019une approche commune des usagers. Les branches sont toutes concern\u00e9es par le d\u00e9veloppement de parcours interbranches autour d\u2019\u00e9v\u00e8nements (naissance, d\u00e9c\u00e8s, s\u00e9paration) ou selon une approche populationnelle.<\/strong><\/p><\/blockquote>\n<p><iframe loading=\"lazy\" title=\"FAUT-IL UN NOUVEL OUTIL TRANSVERSE DU R\u00c9GIME G\u00c9N\u00c9RAL [...] ?\" width=\"500\" height=\"375\" src=\"https:\/\/www.youtube.com\/embed\/Dt_OEPzMOIk?feature=oembed\" frameborder=\"0\" allow=\"accelerometer; autoplay; clipboard-write; encrypted-media; gyroscope; picture-in-picture; web-share\" referrerpolicy=\"strict-origin-when-cross-origin\" allowfullscreen><\/iframe><\/p>\n<p style=\"text-align: right\"><a class=\"button\" href=\"https:\/\/www.calameo.com\/read\/0043105044a2c096e954c\" target=\"_blank\" rel=\"noopener\">Retrouvez l&rsquo;int\u00e9gralit\u00e9 du rapport<\/a><\/p>\n","protected":false},"excerpt":{"rendered":"<p>Les Conventions d\u2019Objectifs et de Gestion (COG) comportent un noyau dur d\u2019une vingtaine d\u2019indicateurs transverses n\u00e9goci\u00e9s avec la direction de la S\u00e9curit\u00e9 Sociale (DSS) venant en soutien d\u2019une approche commune des usagers. Les branches sont toutes concern\u00e9es par le d\u00e9veloppement de parcours interbranches autour d\u2019\u00e9v\u00e8nements (naissance, d\u00e9c\u00e8s, s\u00e9paration) ou selon une approche populationnelle. Retrouvez l&rsquo;int\u00e9gralit\u00e9 [&hellip;]<\/p>\n","protected":false},"author":42,"featured_media":0,"parent":910,"menu_order":0,"comment_status":"closed","ping_status":"closed","template":"","meta":{"ngg_post_thumbnail":0,"footnotes":""},"class_list":["post-4625","page","type-page","status-publish","hentry"],"yoast_head":"<!-- This site is optimized with the Yoast SEO plugin v24.9 - https:\/\/yoast.com\/wordpress\/plugins\/seo\/ -->\n<title>Faut-il un nouvel outil transverse du r\u00e9gime g\u00e9n\u00e9ral pour renforcer le service public de la S\u00e9curit\u00e9 sociale ? - S\u00e9cu Doc<\/title>\n<meta name=\"description\" content=\"Les Conventions d\u2019Objectifs et de Gestion (COG) comportent un noyau dur d\u2019une vingtaine d\u2019indicateurs transverses n\u00e9goci\u00e9s avec la direction de la\" \/>\n<meta name=\"robots\" content=\"index, follow, max-snippet:-1, max-image-preview:large, max-video-preview:-1\" \/>\n<link rel=\"canonical\" href=\"https:\/\/en3s.fr\/secudoc\/produits-documentaires\/publications-en3s\/faut-il-un-nouvel-outil-transverse-du-regime-general-pour-renforcer-le-service-public-de-la-securite-sociale\/\" \/>\n<meta property=\"og:locale\" content=\"fr_FR\" \/>\n<meta property=\"og:type\" content=\"article\" \/>\n<meta property=\"og:title\" content=\"Faut-il un nouvel outil transverse du r\u00e9gime g\u00e9n\u00e9ral pour renforcer le service public de la S\u00e9curit\u00e9 sociale ? - S\u00e9cu Doc\" \/>\n<meta property=\"og:description\" content=\"Les Conventions d\u2019Objectifs et de Gestion (COG) comportent un noyau dur d\u2019une vingtaine d\u2019indicateurs transverses n\u00e9goci\u00e9s avec la direction de la\" \/>\n<meta property=\"og:url\" content=\"https:\/\/en3s.fr\/secudoc\/produits-documentaires\/publications-en3s\/faut-il-un-nouvel-outil-transverse-du-regime-general-pour-renforcer-le-service-public-de-la-securite-sociale\/\" \/>\n<meta property=\"og:site_name\" content=\"S\u00e9cu Doc\" \/>\n<meta name=\"twitter:card\" content=\"summary_large_image\" \/>\n<meta name=\"twitter:label1\" content=\"Dur\u00e9e de lecture estim\u00e9e\" \/>\n\t<meta name=\"twitter:data1\" content=\"1 minute\" \/>\n<script type=\"application\/ld+json\" class=\"yoast-schema-graph\">{\"@context\":\"https:\/\/schema.org\",\"@graph\":[{\"@type\":\"WebPage\",\"@id\":\"https:\/\/en3s.fr\/secudoc\/produits-documentaires\/publications-en3s\/faut-il-un-nouvel-outil-transverse-du-regime-general-pour-renforcer-le-service-public-de-la-securite-sociale\/\",\"url\":\"https:\/\/en3s.fr\/secudoc\/produits-documentaires\/publications-en3s\/faut-il-un-nouvel-outil-transverse-du-regime-general-pour-renforcer-le-service-public-de-la-securite-sociale\/\",\"name\":\"Faut-il un nouvel outil transverse du r\u00e9gime g\u00e9n\u00e9ral pour renforcer le service public de la S\u00e9curit\u00e9 sociale ? - S\u00e9cu Doc\",\"isPartOf\":{\"@id\":\"https:\/\/en3s.fr\/secudoc\/#website\"},\"datePublished\":\"2024-03-07T15:39:40+00:00\",\"description\":\"Les Conventions d\u2019Objectifs et de Gestion (COG) comportent un noyau dur d\u2019une vingtaine d\u2019indicateurs transverses n\u00e9goci\u00e9s avec la direction de la\",\"breadcrumb\":{\"@id\":\"https:\/\/en3s.fr\/secudoc\/produits-documentaires\/publications-en3s\/faut-il-un-nouvel-outil-transverse-du-regime-general-pour-renforcer-le-service-public-de-la-securite-sociale\/#breadcrumb\"},\"inLanguage\":\"fr-FR\",\"potentialAction\":[{\"@type\":\"ReadAction\",\"target\":[\"https:\/\/en3s.fr\/secudoc\/produits-documentaires\/publications-en3s\/faut-il-un-nouvel-outil-transverse-du-regime-general-pour-renforcer-le-service-public-de-la-securite-sociale\/\"]}]},{\"@type\":\"BreadcrumbList\",\"@id\":\"https:\/\/en3s.fr\/secudoc\/produits-documentaires\/publications-en3s\/faut-il-un-nouvel-outil-transverse-du-regime-general-pour-renforcer-le-service-public-de-la-securite-sociale\/#breadcrumb\",\"itemListElement\":[{\"@type\":\"ListItem\",\"position\":1,\"name\":\"Accueil\",\"item\":\"https:\/\/en3s.fr\/secudoc\/\"},{\"@type\":\"ListItem\",\"position\":2,\"name\":\"Produits documentaires\",\"item\":\"https:\/\/en3s.fr\/secudoc\/produits-documentaires\/\"},{\"@type\":\"ListItem\",\"position\":3,\"name\":\"Publications EN3S\",\"item\":\"https:\/\/en3s.fr\/secudoc\/produits-documentaires\/publications-en3s\/\"},{\"@type\":\"ListItem\",\"position\":4,\"name\":\"Faut-il un nouvel outil transverse du r\u00e9gime g\u00e9n\u00e9ral pour renforcer le service public de la S\u00e9curit\u00e9 sociale ?\"}]},{\"@type\":\"WebSite\",\"@id\":\"https:\/\/en3s.fr\/secudoc\/#website\",\"url\":\"https:\/\/en3s.fr\/secudoc\/\",\"name\":\"S\u00e9cu Doc\",\"description\":\"Centre de ressources de la S\u00e9curit\u00e9 sociale\",\"potentialAction\":[{\"@type\":\"SearchAction\",\"target\":{\"@type\":\"EntryPoint\",\"urlTemplate\":\"https:\/\/en3s.fr\/secudoc\/?s={search_term_string}\"},\"query-input\":{\"@type\":\"PropertyValueSpecification\",\"valueRequired\":true,\"valueName\":\"search_term_string\"}}],\"inLanguage\":\"fr-FR\"}]}<\/script>\n<!-- \/ Yoast SEO plugin. -->","yoast_head_json":{"title":"Faut-il un nouvel outil transverse du r\u00e9gime g\u00e9n\u00e9ral pour renforcer le service public de la S\u00e9curit\u00e9 sociale ? - S\u00e9cu Doc","description":"Les Conventions d\u2019Objectifs et de Gestion (COG) comportent un noyau dur d\u2019une vingtaine d\u2019indicateurs transverses n\u00e9goci\u00e9s avec la direction de la","robots":{"index":"index","follow":"follow","max-snippet":"max-snippet:-1","max-image-preview":"max-image-preview:large","max-video-preview":"max-video-preview:-1"},"canonical":"https:\/\/en3s.fr\/secudoc\/produits-documentaires\/publications-en3s\/faut-il-un-nouvel-outil-transverse-du-regime-general-pour-renforcer-le-service-public-de-la-securite-sociale\/","og_locale":"fr_FR","og_type":"article","og_title":"Faut-il un nouvel outil transverse du r\u00e9gime g\u00e9n\u00e9ral pour renforcer le service public de la S\u00e9curit\u00e9 sociale ? - S\u00e9cu Doc","og_description":"Les Conventions d\u2019Objectifs et de Gestion (COG) comportent un noyau dur d\u2019une vingtaine d\u2019indicateurs transverses n\u00e9goci\u00e9s avec la direction de la","og_url":"https:\/\/en3s.fr\/secudoc\/produits-documentaires\/publications-en3s\/faut-il-un-nouvel-outil-transverse-du-regime-general-pour-renforcer-le-service-public-de-la-securite-sociale\/","og_site_name":"S\u00e9cu Doc","twitter_card":"summary_large_image","twitter_misc":{"Dur\u00e9e de lecture estim\u00e9e":"1 minute"},"schema":{"@context":"https:\/\/schema.org","@graph":[{"@type":"WebPage","@id":"https:\/\/en3s.fr\/secudoc\/produits-documentaires\/publications-en3s\/faut-il-un-nouvel-outil-transverse-du-regime-general-pour-renforcer-le-service-public-de-la-securite-sociale\/","url":"https:\/\/en3s.fr\/secudoc\/produits-documentaires\/publications-en3s\/faut-il-un-nouvel-outil-transverse-du-regime-general-pour-renforcer-le-service-public-de-la-securite-sociale\/","name":"Faut-il un nouvel outil transverse du r\u00e9gime g\u00e9n\u00e9ral pour renforcer le service public de la S\u00e9curit\u00e9 sociale ? - S\u00e9cu Doc","isPartOf":{"@id":"https:\/\/en3s.fr\/secudoc\/#website"},"datePublished":"2024-03-07T15:39:40+00:00","description":"Les Conventions d\u2019Objectifs et de Gestion (COG) comportent un noyau dur d\u2019une vingtaine d\u2019indicateurs transverses n\u00e9goci\u00e9s avec la direction de la","breadcrumb":{"@id":"https:\/\/en3s.fr\/secudoc\/produits-documentaires\/publications-en3s\/faut-il-un-nouvel-outil-transverse-du-regime-general-pour-renforcer-le-service-public-de-la-securite-sociale\/#breadcrumb"},"inLanguage":"fr-FR","potentialAction":[{"@type":"ReadAction","target":["https:\/\/en3s.fr\/secudoc\/produits-documentaires\/publications-en3s\/faut-il-un-nouvel-outil-transverse-du-regime-general-pour-renforcer-le-service-public-de-la-securite-sociale\/"]}]},{"@type":"BreadcrumbList","@id":"https:\/\/en3s.fr\/secudoc\/produits-documentaires\/publications-en3s\/faut-il-un-nouvel-outil-transverse-du-regime-general-pour-renforcer-le-service-public-de-la-securite-sociale\/#breadcrumb","itemListElement":[{"@type":"ListItem","position":1,"name":"Accueil","item":"https:\/\/en3s.fr\/secudoc\/"},{"@type":"ListItem","position":2,"name":"Produits documentaires","item":"https:\/\/en3s.fr\/secudoc\/produits-documentaires\/"},{"@type":"ListItem","position":3,"name":"Publications EN3S","item":"https:\/\/en3s.fr\/secudoc\/produits-documentaires\/publications-en3s\/"},{"@type":"ListItem","position":4,"name":"Faut-il un nouvel outil transverse du r\u00e9gime g\u00e9n\u00e9ral pour renforcer le service public de la S\u00e9curit\u00e9 sociale ?"}]},{"@type":"WebSite","@id":"https:\/\/en3s.fr\/secudoc\/#website","url":"https:\/\/en3s.fr\/secudoc\/","name":"S\u00e9cu Doc","description":"Centre de ressources de la S\u00e9curit\u00e9 sociale","potentialAction":[{"@type":"SearchAction","target":{"@type":"EntryPoint","urlTemplate":"https:\/\/en3s.fr\/secudoc\/?s={search_term_string}"},"query-input":{"@type":"PropertyValueSpecification","valueRequired":true,"valueName":"search_term_string"}}],"inLanguage":"fr-FR"}]}},"_links":{"self":[{"href":"https:\/\/en3s.fr\/secudoc\/wp-json\/wp\/v2\/pages\/4625","targetHints":{"allow":["GET"]}}],"collection":[{"href":"https:\/\/en3s.fr\/secudoc\/wp-json\/wp\/v2\/pages"}],"about":[{"href":"https:\/\/en3s.fr\/secudoc\/wp-json\/wp\/v2\/types\/page"}],"author":[{"embeddable":true,"href":"https:\/\/en3s.fr\/secudoc\/wp-json\/wp\/v2\/users\/42"}],"replies":[{"embeddable":true,"href":"https:\/\/en3s.fr\/secudoc\/wp-json\/wp\/v2\/comments?post=4625"}],"version-history":[{"count":0,"href":"https:\/\/en3s.fr\/secudoc\/wp-json\/wp\/v2\/pages\/4625\/revisions"}],"up":[{"embeddable":true,"href":"https:\/\/en3s.fr\/secudoc\/wp-json\/wp\/v2\/pages\/910"}],"wp:attachment":[{"href":"https:\/\/en3s.fr\/secudoc\/wp-json\/wp\/v2\/media?parent=4625"}],"curies":[{"name":"wp","href":"https:\/\/api.w.org\/{rel}","templated":true}]}}